{"id":2,"date":"2020-11-14T19:41:18","date_gmt":"2020-11-14T19:41:18","guid":{"rendered":"http:\/\/analemusabogados.com\/?page_id=2"},"modified":"2026-04-27T11:52:56","modified_gmt":"2026-04-27T11:52:56","slug":"curriculum","status":"publish","type":"page","link":"https:\/\/analemusabogados.com\/index.php\/curriculum\/","title":{"rendered":"Sobre m\u00ed"},"content":{"rendered":"\r\n<p style=\"text-align: left;\">Ana Mar\u00eda Lemus Marrero, colegiada <a href=\"http:\/\/\/icatf.es\/colegiados\/buscador\/4647\/\">n\u00ba 4.647<\/a>\u00a0del Ilustre Colegio de Abogados de Santa Cruz de Tenerife.<\/p>\r\n<ul style=\"text-align: left;\">\r\n<li style=\"text-align: left;\">Abogada ejerciente para los partidos judiciales de la isla de<em> Tenerife, La Gomera y El Hierro<\/em>.<\/li>\r\n<li style=\"text-align: left;\">Abogada socia de A.C.U.S.A\u00a0 n\u00ba 1195 <a href=\"https:\/\/www.foroantiusura.org\/forum.php\">Foro Antiusura &#8211; Contra las malas pr\u00e1cticas bancarias<\/a> A.C.U.S.A inscrita en el RNA con el n\u00famero 600700. CIF G70347307 (Avda. Jos\u00e9 Hierro, 34. Rivas Vaciamadrid. 28522 Madrid)\u00a0 (Asociaci\u00f3n contra la Usura de Sociedades Acreedoras).<\/li>\r\n<li style=\"text-align: left;\">Abogada inscrita en el <em>Turno de Oficio<\/em> desde el a\u00f1o 2014.<\/li>\r\n<li style=\"text-align: left;\">Mediadora n\u00ba 522 del Gobierno de Canarias de Mediadores Familiares . Mediadora inscrita en la Provincia de Santa Cruz de Tenerife y en el partido judicial Granadilla de Abona, en el Registro de Mediadores Familiares de la Comunidad Aut\u00f3noma de Canarias<strong>.\u00a0 <\/strong><a href=\"https:\/\/remediabuscador.mjusticia.gob.es\/remediabuscador\/DetalleMediador.action?id=185611\">Listado de Mediadores Santa Cruz de Tenerife<\/a><\/li>\r\n<\/ul>\r\n<ul>\r\n<li>Asesora Jur\u00eddica en los Servicios Jur\u00eddicos de la Concejal\u00eda de Asuntos Sociales del Ayuntamiento de San Miguel de Abona (2014-2016).\u00a0<\/li>\r\n<li><em>M\u00e1ster:<\/em>\r\n<ul>\r\n<li style=\"list-style-type: none;\">\r\n<ul>\r\n<li style=\"list-style-type: none;\">\r\n<ul style=\"text-align: left;\">\r\n<li>Mediaci\u00f3n Civil y Mercantil. Experto en Mediaci\u00f3n Familiar. Fundaci\u00f3n Centro de Atenci\u00f3n a la Familia (2016-2017).\u00a0<\/li>\r\n<li>Curso general de Pr\u00e1ctica jur\u00eddica. Obtenci\u00f3n del Certificado de Aptitud Profesional (2009-2011).<\/li>\r\n<\/ul>\r\n<\/li>\r\n<\/ul>\r\n<\/li>\r\n<\/ul>\r\n<\/li>\r\n<li><em>Docencia:\u00a0<\/em>\r\n<ul>\r\n<li style=\"list-style-type: none;\">\r\n<ul>\r\n<li style=\"list-style-type: none;\">\r\n<ul>\r\n<li style=\"text-align: left;\">(2014) Acreditaci\u00f3n para impartir en los centros de formaci\u00f3n para guardas rurales y sus especialidades. \u00c1rea jur\u00eddica. Ministerio de Interior. Direcci\u00f3n de la Guardia Civil.<\/li>\r\n<li style=\"text-align: left;\">(2014) Acreditaci\u00f3n para impartir en los centros de formaci\u00f3n para personal de seguridad privada. \u00c1rea jur\u00eddica. Ministerio de interior. Direcci\u00f3n General de la Polic\u00eda Nacional.<\/li>\r\n<li style=\"text-align: left;\">(2014) Experto en habilidades did\u00e1cticas para formadores, CEOE 210 horas y CEU Universidad San Pablo, 400 horas.<\/li>\r\n<li style=\"text-align: left;\">(2013) Curso superior en habilidades did\u00e1cticas para formadores, CEOE 210 horas y CEU Universidad San Pablo, 200 horas.<\/li>\r\n<\/ul>\r\n<\/li>\r\n<\/ul>\r\n<\/li>\r\n<\/ul>\r\n<\/li>\r\n<li><em>Inmobiliaria:\u00a0<\/em><\/li>\r\n<\/ul>\r\n<p><span style=\"font-family: tahoma, sans-serif;\">\u00a0 \u00a0 \u00a0 \u00a0 \u00a0 \u00a0 \u00a0 \u00a0 \u00a0 \u00a0 Agente de la Propiedad Inmobiliaria n<\/span>\u00ba col. 241 API Coapite. <a href=\"http:\/\/www.coapitenerife.com\/listado-api-santacruz-tenerife.html\">Listado API Santa Cruz de Tenerife<\/a><\/p>\r\n<p>\u00a0 \u00a0\u00a0 \u00a0\u00a0 \u00a0\u00a0 \u00a0\u00a0 \u00a0\u00a0 \u00a0\u00a0 \u00a0\u00a0 \u00a0<a href=\"https:\/\/inmobiliarialemus.com\/\">Inmobiliaria Lemus<\/a><\/p>\r\n<ul>\r\n<li><em>Menciones en Prensa: \u00a0\u00a0 \u00a0<\/em><a href=\"https:\/\/www.eldigitaldecanarias.net\/sociedad\/74431-ana-lemus-marrero-abogada-en-el-sur-de-tenerife?tmpl=component&amp;print=1&amp;layout=default&amp;page=\">El digital de Canarias<\/a><\/li>\r\n<\/ul>\r\n<p>&nbsp;<\/p>\r\n<p>&nbsp;<\/p>\r\n","protected":false},"excerpt":{"rendered":"<p>Ana Mar\u00eda Lemus Marrero abogada ejerciente y Mediadora en Tenerife. Fundadora de un despacho situado en Guargacho, San Miguel de Abona (Tenerife Sur) con m\u00e1s de 10 a\u00f1os de experiencia. CEO de Inmobiliaria Lemus.<\/p>\n","protected":false},"author":1,"featured_media":0,"parent":0,"menu_order":0,"comment_status":"closed","ping_status":"open","template":"","meta":{"_joinchat":[],"footnotes":""},"class_list":["post-2","page","type-page","status-publish","hentry"],"_links":{"self":[{"href":"https:\/\/analemusabogados.com\/index.php\/wp-json\/wp\/v2\/pages\/2","targetHints":{"allow":["GET"]}}],"collection":[{"href":"https:\/\/analemusabogados.com\/index.php\/wp-json\/wp\/v2\/pages"}],"about":[{"href":"https:\/\/analemusabogados.com\/index.php\/wp-json\/wp\/v2\/types\/page"}],"author":[{"embeddable":true,"href":"https:\/\/analemusabogados.com\/index.php\/wp-json\/wp\/v2\/users\/1"}],"replies":[{"embeddable":true,"href":"https:\/\/analemusabogados.com\/index.php\/wp-json\/wp\/v2\/comments?post=2"}],"version-history":[{"count":11,"href":"https:\/\/analemusabogados.com\/index.php\/wp-json\/wp\/v2\/pages\/2\/revisions"}],"predecessor-version":[{"id":2029,"href":"https:\/\/analemusabogados.com\/index.php\/wp-json\/wp\/v2\/pages\/2\/revisions\/2029"}],"wp:attachment":[{"href":"https:\/\/analemusabogados.com\/index.php\/wp-json\/wp\/v2\/media?parent=2"}],"curies":[{"name":"wp","href":"https:\/\/api.w.org\/{rel}","templated":true}]}}